{"id":430,"date":"2020-01-12T21:34:46","date_gmt":"2020-01-12T19:34:46","guid":{"rendered":"http:\/\/somanimaanimal.org\/cat\/?page_id=430"},"modified":"2021-09-07T20:00:49","modified_gmt":"2021-09-07T18:00:49","slug":"politica-de-privacitat","status":"publish","type":"page","link":"https:\/\/somanimaanimal.org\/cat\/politica-de-privacitat\/","title":{"rendered":"Pol\u00edtica de privacitat"},"content":{"rendered":"\n<h2 class=\"wp-block-heading\">Titularitat<\/h2>\n\n\n\n<p>El responsable de la recollida i tractament de les dades \u00e9s l&#8217;<strong>Associaci\u00f3 \u00e0nimaL: som \u00e0nima animal<\/strong>, amb NIF <strong>G67538744<\/strong> i adre\u00e7a al passatge dels Comtes Mir i Borrell 22, 7\u00e8 A de Matar\u00f3 (08302). Es tracta d&#8217;una associaci\u00f3 sense \u00e0nim de lucre amb aquests <a href=\"https:\/\/somanimaanimal.org\/cat\/estatuts\/\">estatuts<\/a> i dades de <a href=\"https:\/\/somanimaanimal.org\/cat\/contacta\/\">contacte<\/a>, inscrita al Registre d\u2019associacions de la Generalitat de Catalunya amb data 26 de maig de 2020 (n\u00fam. d\u2019inscripci\u00f3 67623) i al Registre municipal d\u2019entitats de l\u2019Ajuntament de Matar\u00f3 amb data 8 de juny de 2020 (n\u00fam. d\u2019inscripci\u00f3 935).<\/p>\n\n\n\n<h2 class=\"wp-block-heading\">Sistemes de recollida de dades i \u00fas de les mateixes<\/h2>\n\n\n\n<p>Aquesta web recopila informaci\u00f3 personal mitjan\u00e7ant els seg\u00fcents sistemes:<\/p>\n\n\n\n<ul class=\"wp-block-list\"><li><strong>Formulari de contacte.<\/strong> \u00c9s un formulari que es posa a disposici\u00f3 de qualsevol persona que vulgui enviar un missatge a l&#8217;associaci\u00f3 per qualsevol motiu. Les dades facilitades s&#8217;empraran \u00fanicament per a donar resposta als missatges i, tret d&#8217;obligaci\u00f3 legal, no seran mai compartides amb ning\u00fa.<\/li><li><strong>Formulari de sol\u00b7licitud d&#8217;alta de s\u00f2cia \/ soci.<\/strong> Aquest formulari recull la informaci\u00f3 necess\u00e0ria que necessita la junta per a decidir sobre l&#8217;acceptaci\u00f3 d&#8217;una nova s\u00f2cia o soci, efectuar la seva alta administrativa i efectuar les comunicacions que siguin estrictament necess\u00e0ries per a la gesti\u00f3 de l&#8217;associaci\u00f3. Es d\u00f3na l&#8217;opci\u00f3, en aquest mateix formulari, de que el nou membre rebi missatges sobre not\u00edcies i activitats de l&#8217;associaci\u00f3 als quals es podr\u00e0 donar de baixa en qualsevol moment.<\/li><li><strong>Recollida de signatures. <\/strong>En funci\u00f3 de les diferents campanyes de l&#8217;associaci\u00f3 poden trobar-se actius formularis de recollida de signatures. Les dades en ells recollides podran ser entregades \u00fanicament als organismes especificats a cada formulari amb l&#8217;objectiu de donar suport a la sol\u00b7licitud que s&#8217;efectu\u00ef i, tret d&#8217;obligaci\u00f3 legal, no seran compartides amb ning\u00fa m\u00e9s. \u00c9s possible que ens calgui posar-nos en contacte amb el signant per a confirmar les seves dades.<\/li><li><strong>Utilitzaci\u00f3 de cookies. <\/strong>Pots consultar la nostra pol\u00edtica de <em>cookies<\/em> <a href=\"https:\/\/somanimaanimal.org\/cat\/cookies\/\">aqu\u00ed<\/a>.<\/li><\/ul>\n\n\n\n<p>Tret d&#8217;imperatiu legal, les dades no seran compartides en cap cas amb tercers.<\/p>\n\n\n\n<h2 class=\"wp-block-heading\"> Categoria de les dades i base legal pel tractament <\/h2>\n\n\n\n<p>La base legal per al tractament de les dades \u00e9s el consentiment, que es pot enretirar en qualsevol moment. <\/p>\n\n\n\n<p>Atesa la naturalesa de la nostra associaci\u00f3, les dades que recollim poden revelar conviccions filos\u00f2fiques de car\u00e0cter \u00e8tic, aix\u00ed que entren dins de la categoria de dades especialment protegides segons l&#8217;article 9 del <a href=\"https:\/\/www.boe.es\/doue\/2016\/119\/L00001-00088.pdf\">Reglament (UE) 2016\/679<\/a>. Segons l&#8217;apartat 2 d) d&#8217;aquest article el tractament d&#8217;aquest tipus de dades \u00e9s perm\u00e8s si &#8220;<em>el tractament \u00e9s efectuat, en l&#8217;\u00e0mbit de les seves activitats leg\u00edtimes i amb les degudes garanties, per una fundaci\u00f3, una associaci\u00f3 o qualsevol altre organisme sense \u00e0nim de lucre, amb finalitat pol\u00edtica, filos\u00f2fica, religiosa o sindical, sempre que el tractament es refereixi exclusivament als membres actuals o antics d&#8217;aquests organismes o persones que mantinguin contactes regulars amb ells en relaci\u00f3 amb els seus fins i sempre que les dades personals no es comuniquin fora d&#8217;ells sense el consentiment dels interessats<\/em>&#8220;, que \u00e9s el cas de la nostra associaci\u00f3 segons es pot consultar en els nostres <a href=\"https:\/\/somanimaanimal.org\/cat\/estatuts\/\">estatuts<\/a>.<\/p>\n\n\n\n<h2 class=\"wp-block-heading\">Sistemes de seguretat implementats<\/h2>\n\n\n\n<p>Les mesures de seguretat emprades s\u00f3n les seg\u00fcents:<\/p>\n\n\n\n<ul class=\"wp-block-list\"><li>Utilitzaci\u00f3 al nostre web del certificat SSL que xifra l&#8217;enviament de les dades al servidor.<\/li><li>Allotjament de la nostra p\u00e0gina web a un prove\u00efdor de hosting de reconeguda solv\u00e8ncia (<a href=\"https:\/\/www.ovh.es\/\">OVH HISPANO S.L.<\/a>) que implementa mesures de seguretat adequades per a la protecci\u00f3 de les dades i dona garantia de que aquestes dades es troben sempre en servidors dins de la Uni\u00f3 Europea.<\/li><li><a href=\"https:\/\/somanimaanimal.org\/cat\/wp-content\/uploads\/sites\/4\/2020\/02\/Acta-junta-02-_-2_02_2020.pdf\">Protocol intern<\/a> de la nostra associaci\u00f3 restringint l&#8217;acc\u00e9s a les dades \u00fanicament a quatre persones i establint el sistema de la seva transmissi\u00f3 interna de forma encriptada.<\/li><\/ul>\n\n\n\n<h2 class=\"wp-block-heading\">Terminis de conservaci\u00f3 de les dades<\/h2>\n\n\n\n<p>Les dades tractades es mantindran fins que no expirin els terminis legals establerts per a la seva conservaci\u00f3 (2 anys des de l&#8217;\u00faltima confirmaci\u00f3 d&#8217;inter\u00e8s en cas de persones no s\u00f2cies), fins que l&#8217;interessat sol\u00b7liciti la seva supressi\u00f3 o revoqui el consentiment atorgat. <\/p>\n\n\n\n<h2 class=\"wp-block-heading\">Exercici dels drets sobre les dades personals<\/h2>\n\n\n\n<p>En qualsevol moment pots exercir els drets d&#8217;acc\u00e9s, rectificaci\u00f3, cancel\u00b7laci\u00f3 i oposici\u00f3 contactant-nos mitjan\u00e7ant la <a href=\"https:\/\/somanimaanimal.org\/cat\/contacta\/\">p\u00e0gina de contacte<\/a> o b\u00e9 enviant-nos un correu electr\u00f2nic a <a href=\"mailto:somanimaanimal@gmail.com\">somanimaanimal@gmail.com<\/a>. A m\u00e9s, tens dret a presentar una reclamaci\u00f3 a l&#8217;<a href=\"https:\/\/www.aepd.es\/\">Ag\u00e8ncia Espanyola de Protecci\u00f3 de Dades<\/a>.<\/p>\n\n\n\n<h2 class=\"wp-block-heading\">Normativa de refer\u00e8ncia<\/h2>\n\n\n\n<p>La pol\u00edtica de privacitat l&#8217;hem establert en base a la seg\u00fcent normativa:<\/p>\n\n\n\n<ul class=\"wp-block-list\"><li><a href=\"https:\/\/www.boe.es\/buscar\/doc.php?id=BOE-A-2018-16673\">Llei Org\u00e0nica 3\/2018<\/a>, de 5 de desembre, de Protecci\u00f3 de Dades Personals i garantia dels drets digitals.<\/li><li><a href=\"https:\/\/www.boe.es\/doue\/2016\/119\/L00001-00088.pdf\">Reglament (UE) 2016\/679<\/a> del Parlament Europeu i del Consell de 27 d&#8217;abril de 2016 relatiu a la protecci\u00f3 de les persones f\u00edsiques pel que fa al tractament de dades personals i a la lliure circulaci\u00f3 d&#8217;aquestes dades (RGPD).<\/li><li><a href=\"https:\/\/www.boe.es\/eli\/es\/l\/2002\/07\/11\/34\/con\">Llei 34\/2002<\/a>, d&#8217;11 de juliol, de serveis de la Societat de la Informaci\u00f3 i Comer\u00e7 Electr\u00f2nic (LSSICE o LSSI).<\/li><\/ul>\n\n\n\n<p><em>Quarta versi\u00f3. 7 de setembre de 2021. Versions anteriors <a href=\"https:\/\/somanimaanimal.org\/cat\/wp-content\/uploads\/sites\/4\/2021\/09\/Politiques-de-privacitat-anteriors-CAT-Som-anima-animaL-v3.pdf\">aqu\u00ed<\/a>.<\/em><\/p>\n","protected":false},"excerpt":{"rendered":"<p>Titularitat El responsable de la recollida i tractament de les dades \u00e9s l&#8217;Associaci\u00f3 \u00e0nimaL: som \u00e0nima animal, amb NIF G67538744 i adre\u00e7a al passatge dels Comtes Mir i Borrell 22, 7\u00e8 A de Matar\u00f3 (08302). Es tracta d&#8217;una associaci\u00f3 sense \u00e0nim de lucre amb aquests estatuts i dades de contacte, inscrita al Registre d\u2019associacions de &hellip; <a href=\"https:\/\/somanimaanimal.org\/cat\/politica-de-privacitat\/\" class=\"more-link\">Continua la lectura de <span class=\"screen-reader-text\">Pol\u00edtica de privacitat<\/span> <span class=\"meta-nav\">&rarr;<\/span><\/a><\/p>\n","protected":false},"author":1,"featured_media":0,"parent":0,"menu_order":0,"comment_status":"closed","ping_status":"closed","template":"","meta":{"footnotes":""},"class_list":["post-430","page","type-page","status-publish","hentry"],"_links":{"self":[{"href":"https:\/\/somanimaanimal.org\/cat\/wp-json\/wp\/v2\/pages\/430","targetHints":{"allow":["GET"]}}],"collection":[{"href":"https:\/\/somanimaanimal.org\/cat\/wp-json\/wp\/v2\/pages"}],"about":[{"href":"https:\/\/somanimaanimal.org\/cat\/wp-json\/wp\/v2\/types\/page"}],"author":[{"embeddable":true,"href":"https:\/\/somanimaanimal.org\/cat\/wp-json\/wp\/v2\/users\/1"}],"replies":[{"embeddable":true,"href":"https:\/\/somanimaanimal.org\/cat\/wp-json\/wp\/v2\/comments?post=430"}],"version-history":[{"count":19,"href":"https:\/\/somanimaanimal.org\/cat\/wp-json\/wp\/v2\/pages\/430\/revisions"}],"predecessor-version":[{"id":1076,"href":"https:\/\/somanimaanimal.org\/cat\/wp-json\/wp\/v2\/pages\/430\/revisions\/1076"}],"wp:attachment":[{"href":"https:\/\/somanimaanimal.org\/cat\/wp-json\/wp\/v2\/media?parent=430"}],"curies":[{"name":"wp","href":"https:\/\/api.w.org\/{rel}","templated":true}]}}